{"id":931,"date":"2022-12-29T11:59:50","date_gmt":"2022-12-29T11:59:50","guid":{"rendered":"https:\/\/janssencosmetics.lt\/?post_type=product&#038;p=931"},"modified":"2026-01-20T14:14:46","modified_gmt":"2026-01-20T14:14:46","slug":"revitalizuojantis-kremas-su-alavijais","status":"publish","type":"product","link":"https:\/\/janssencosmetics.lt\/en\/produktas\/revitalizuojantis-kremas-su-alavijais\/","title":{"rendered":"Revitalizuojantis kremas su alavijais, 50ml"},"content":{"rendered":"<p>Kremo sud\u0117tyje esantis aktyv\u016bs komponentai\u00a0 dr\u0117kina, stangrina veido od\u0105, padeda i\u0161lyginti mimikos rauk\u0161les bei skatina regeneracijos procesus. D\u0117l lengvos ir malonios tekst\u016bros kremas akimirksniu susigeria, nesukelia lipnumo ir diskomforto. Alavij\u0173 ekstraktas yra galingas dr\u0117kiklis, turi baktericidin\u012f ir antimikrobin\u012f poveik\u012f, padeda greitai u\u017egyti \u017eaizdoms. Puikus pagrindas makia\u017eui.<br \/>\n<strong>Veiklieji komponentai:\u00a0 <\/strong>Vitality-Equalizer biotechnologinis vienal\u0105s\u010di\u0173 mikrodumbli\u0173 ekstraktas, Euglena gracilis, Aloe Vera ekstraktas, Bisabololis, Silicio dioksido\u00a0milteliai (silicio dioksidas).<br \/>\n<strong>Naudojimas:<\/strong> Ryte ir (arba) vakare tepkite ant nuvalytos veido odos, kaklo ir dekolt\u0117 srities. Prie\u0161 tepdami makia\u017e\u0105,leiskite kremui visi\u0161kai susigerti.<\/p>\n","protected":false},"excerpt":{"rendered":"<p>Lengvas revitalizuojantis kremas tonizuoja,lygina ir gaivina od\u0105<\/p>\n","protected":false},"featured_media":934,"template":"","meta":[],"product_cat":[31],"product_tag":[],"_links":{"self":[{"href":"https:\/\/janssencosmetics.lt\/en\/wp-json\/wp\/v2\/product\/931"}],"collection":[{"href":"https:\/\/janssencosmetics.lt\/en\/wp-json\/wp\/v2\/product"}],"about":[{"href":"https:\/\/janssencosmetics.lt\/en\/wp-json\/wp\/v2\/types\/product"}],"wp:featuredmedia":[{"embeddable":true,"href":"https:\/\/janssencosmetics.lt\/en\/wp-json\/wp\/v2\/media\/934"}],"wp:attachment":[{"href":"https:\/\/janssencosmetics.lt\/en\/wp-json\/wp\/v2\/media?parent=931"}],"wp:term":[{"taxonomy":"product_cat","embeddable":true,"href":"https:\/\/janssencosmetics.lt\/en\/wp-json\/wp\/v2\/product_cat?post=931"},{"taxonomy":"product_tag","embeddable":true,"href":"https:\/\/janssencosmetics.lt\/en\/wp-json\/wp\/v2\/product_tag?post=931"}],"curies":[{"name":"wp","href":"https:\/\/api.w.org\/{rel}","templated":true}]}}