{"id":3229,"date":"2024-03-21T08:32:38","date_gmt":"2024-03-21T08:32:38","guid":{"rendered":"https:\/\/janssencosmetics.lt\/?post_type=product&#038;p=3229"},"modified":"2026-01-20T14:09:23","modified_gmt":"2026-01-20T14:09:23","slug":"balansuojantis-kremas-misriai-odai-10ml","status":"publish","type":"product","link":"https:\/\/janssencosmetics.lt\/en\/produktas\/balansuojantis-kremas-misriai-odai-10ml\/","title":{"rendered":"Balansuojantis kremas mi\u0161riai odai, 10ml"},"content":{"rendered":"<p>Balansuojantis kremas mi\u0161riai odai lygina veido odos atspalv\u012f, suteikia mati\u0161kumo, ma\u017eina gaminamo riebal\u0173 kiek\u012f ir gerina por\u0173 b\u016bkl\u0119. Puikiai dr\u0117kina ir padeda i\u0161laikyti dr\u0117gm\u0119 odoje. Atstato nat\u016brali\u0105 odos pusiausvyr\u0105 riebiuose bei sausuose veido odos plotuose, mink\u0161tina ir lygina od\u0105.<br \/>\n<strong>Veiklieji komponentai:<\/strong>\u00a0Inozitolis, raudon\u0173j\u0173 dumbli\u0173 (Chondrus crispus) ekstraktas, angliavandeniai i\u0161 ryi\u0173 s\u0117len\u0173, alavijas, mati\u0161kumo suteikian\u010dios mikrodalel\u0117s (smulk\u016bs poliamido milteliai, gliukoz\u0117).<br \/>\n<strong>Naudojimas:<\/strong>\u00a0naudoti kasdien ryte ir vakare ant \u0161varaus veido odos.<\/p>\n","protected":false},"excerpt":{"rendered":"<p>Labai mink\u0161tos tekst\u016bros balansuojantis kremas mi\u0161riai odai.<\/p>\n","protected":false},"featured_media":3238,"template":"","meta":[],"product_cat":[27],"product_tag":[],"_links":{"self":[{"href":"https:\/\/janssencosmetics.lt\/en\/wp-json\/wp\/v2\/product\/3229"}],"collection":[{"href":"https:\/\/janssencosmetics.lt\/en\/wp-json\/wp\/v2\/product"}],"about":[{"href":"https:\/\/janssencosmetics.lt\/en\/wp-json\/wp\/v2\/types\/product"}],"wp:featuredmedia":[{"embeddable":true,"href":"https:\/\/janssencosmetics.lt\/en\/wp-json\/wp\/v2\/media\/3238"}],"wp:attachment":[{"href":"https:\/\/janssencosmetics.lt\/en\/wp-json\/wp\/v2\/media?parent=3229"}],"wp:term":[{"taxonomy":"product_cat","embeddable":true,"href":"https:\/\/janssencosmetics.lt\/en\/wp-json\/wp\/v2\/product_cat?post=3229"},{"taxonomy":"product_tag","embeddable":true,"href":"https:\/\/janssencosmetics.lt\/en\/wp-json\/wp\/v2\/product_tag?post=3229"}],"curies":[{"name":"wp","href":"https:\/\/api.w.org\/{rel}","templated":true}]}}